{"id":7,"date":"2023-05-09T18:17:00","date_gmt":"2023-05-09T21:17:00","guid":{"rendered":"https:\/\/www.ecocentropampazul.com.ar\/?page_id=7"},"modified":"2023-10-04T17:16:12","modified_gmt":"2023-10-04T20:16:12","slug":"que-es-pampa-azul","status":"publish","type":"page","link":"https:\/\/www.ecocentropampazul.com.ar\/pampaazul\/inicio\/que-es-pampa-azul\/","title":{"rendered":"\u00bfQu\u00e9 es Pampa Azul?"},"content":{"rendered":"\n<p>Es un programa estrat\u00e9gico con foco en el Atl\u00e1ntico Sur lanzado en 2014 con el objetivo de instalar la cuesti\u00f3n mar\u00edtima en el centro de la agenda de desarrollo del pa\u00eds.<\/p>\n\n\n\n<p>Abarca actividades de investigaci\u00f3n, exploraci\u00f3n, monitoreo y conservaci\u00f3n del Mar Argentino, de innovaci\u00f3n tecnol\u00f3gica para los sectores productivos vinculados al mar y de divulgaci\u00f3n cient\u00edfica dirigidas a la ciudadan\u00eda.<\/p>\n\n\n\n<hr class=\"wp-block-separator has-alpha-channel-opacity\"\/>\n\n\n\n<div class=\"texto-destacado-1\">Conocer el Mar Argentino es fundamental para establecer pol\u00edticas de conservaci\u00f3n y manejo del patrimonio natural y cultural en forma sustentable.<\/div>\n\n\n\n<div class=\"texto-destacado-2\">Pampa Azul fortalece la conciencia mar\u00edtima de la sociedad argentina y respalda con informaci\u00f3n y presencia cient\u00edfica la soberan\u00eda de nuestro pa\u00eds en el \u00e1rea del Atl\u00e1ntico Sur.<\/div>\n\n\n\n<hr class=\"wp-block-separator has-alpha-channel-opacity\"\/>\n\n\n\n<p>Lanzamiento de Pampa Azul el 21 de abril de 2014: ciencia, tecnolog\u00eda e innovaci\u00f3n productiva en el Atl\u00e1ntico Sur<\/p>\n\n\n\n<figure class=\"wp-block-embed is-type-video is-provider-youtube wp-block-embed-youtube wp-embed-aspect-16-9 wp-has-aspect-ratio\"><div class=\"wp-block-embed__wrapper\">\n<iframe loading=\"lazy\" title=\"Lanzamiento de Pampa Azul: ciencia, tecnolog\u00eda e innovaci\u00f3n productiva en el Atl\u00e1ntico Sur\" width=\"525\" height=\"295\" src=\"https:\/\/www.youtube.com\/embed\/1fvDVe7Ll_Q?feature=oembed\" frameborder=\"0\" allow=\"accelerometer; autoplay; clipboard-write; encrypted-media; gyroscope; picture-in-picture; web-share\" referrerpolicy=\"strict-origin-when-cross-origin\" allowfullscreen><\/iframe>\n<\/div><\/figure>\n\n\n\n<hr class=\"wp-block-separator has-alpha-channel-opacity\"\/>\n\n\n\n<hr class=\"wp-block-separator has-alpha-channel-opacity\"\/>\n\n\n\n<p>Especies<\/p>\n\n\n\n<figure class=\"wp-block-embed is-type-video is-provider-youtube wp-block-embed-youtube wp-embed-aspect-16-9 wp-has-aspect-ratio\"><div class=\"wp-block-embed__wrapper\">\n<iframe loading=\"lazy\" title=\"Pampa Azul Especies\" width=\"525\" height=\"295\" src=\"https:\/\/www.youtube.com\/embed\/eOg402vXnmM?feature=oembed\" frameborder=\"0\" allow=\"accelerometer; autoplay; clipboard-write; encrypted-media; gyroscope; picture-in-picture; web-share\" referrerpolicy=\"strict-origin-when-cross-origin\" allowfullscreen><\/iframe>\n<\/div><\/figure>\n\n\n\n<hr class=\"wp-block-separator has-alpha-channel-opacity\"\/>\n\n\n\n<p>Territorio<\/p>\n\n\n\n<figure class=\"wp-block-embed is-type-video is-provider-youtube wp-block-embed-youtube wp-embed-aspect-16-9 wp-has-aspect-ratio\"><div class=\"wp-block-embed__wrapper\">\n<iframe loading=\"lazy\" title=\"Pampa Azul Territorio\" width=\"525\" height=\"295\" src=\"https:\/\/www.youtube.com\/embed\/z027VtRRlog?feature=oembed\" frameborder=\"0\" allow=\"accelerometer; autoplay; clipboard-write; encrypted-media; gyroscope; picture-in-picture; web-share\" referrerpolicy=\"strict-origin-when-cross-origin\" allowfullscreen><\/iframe>\n<\/div><\/figure>\n\n\n\n<hr class=\"wp-block-separator has-alpha-channel-opacity\"\/>\n\n\n\n<p>Conservaci\u00f3n<\/p>\n\n\n\n<figure class=\"wp-block-embed is-type-video is-provider-youtube wp-block-embed-youtube wp-embed-aspect-16-9 wp-has-aspect-ratio\"><div class=\"wp-block-embed__wrapper\">\n<iframe loading=\"lazy\" title=\"Pampa Azul Conservaci\u00f3n\" width=\"525\" height=\"295\" src=\"https:\/\/www.youtube.com\/embed\/yx3-uq2SLLM?feature=oembed\" frameborder=\"0\" allow=\"accelerometer; autoplay; clipboard-write; encrypted-media; gyroscope; picture-in-picture; web-share\" referrerpolicy=\"strict-origin-when-cross-origin\" allowfullscreen><\/iframe>\n<\/div><\/figure>\n\n\n\n<hr class=\"wp-block-separator has-alpha-channel-opacity\"\/>\n\n\n\n<p>Ciclo de Carbono<\/p>\n\n\n\n<figure class=\"wp-block-embed is-type-video is-provider-youtube wp-block-embed-youtube wp-embed-aspect-16-9 wp-has-aspect-ratio\"><div class=\"wp-block-embed__wrapper\">\n<iframe loading=\"lazy\" title=\"Pampa Azul CO2\" width=\"525\" height=\"295\" src=\"https:\/\/www.youtube.com\/embed\/qnmXtLJSdU4?feature=oembed\" frameborder=\"0\" allow=\"accelerometer; autoplay; clipboard-write; encrypted-media; gyroscope; picture-in-picture; web-share\" referrerpolicy=\"strict-origin-when-cross-origin\" allowfullscreen><\/iframe>\n<\/div><\/figure>\n\n\n\n<h1 class=\"wp-block-heading\">EL CONOCIMIENTO CIENT\u00cdFICO AL SERVICIO DE LA SOBERAN\u00cdA NACIONAL<\/h1>\n\n\n\n<figure class=\"wp-block-image size-full\"><img loading=\"lazy\" decoding=\"async\" width=\"843\" height=\"707\" src=\"https:\/\/www.ecocentropampazul.com.ar\/wp-content\/uploads\/2023\/05\/Pampa-Azul-es-Malvinas.jpeg\" alt=\"\" class=\"wp-image-130\" srcset=\"https:\/\/www.ecocentropampazul.com.ar\/pampaazul\/wp-content\/uploads\/2023\/05\/Pampa-Azul-es-Malvinas.jpeg 843w, https:\/\/www.ecocentropampazul.com.ar\/pampaazul\/wp-content\/uploads\/2023\/05\/Pampa-Azul-es-Malvinas-300x252.jpeg 300w, https:\/\/www.ecocentropampazul.com.ar\/pampaazul\/wp-content\/uploads\/2023\/05\/Pampa-Azul-es-Malvinas-768x644.jpeg 768w\" sizes=\"auto, (max-width: 706px) 89vw, (max-width: 767px) 82vw, 740px\" \/><\/figure>\n\n\n\n<p><strong>Pampa Azul es Malvinas<\/strong><\/p>\n\n\n\n<p>Porque tambi\u00e9n es una apuesta estrat\u00e9gica en relaci\u00f3n al conflicto de soberan\u00eda con el Reino Unido por los territorios mar\u00edtimos e insulares circundantes a Malvinas y la creciente disputa geopol\u00edtica en torno al Atl\u00e1ntico Sur y la Ant\u00e1rtida.<\/p>\n","protected":false},"excerpt":{"rendered":"<p>Es un programa estrat\u00e9gico con foco en el Atl\u00e1ntico Sur lanzado en 2014 con el objetivo de instalar la cuesti\u00f3n mar\u00edtima en el centro de la agenda de desarrollo del pa\u00eds. Abarca actividades de investigaci\u00f3n, exploraci\u00f3n, monitoreo y conservaci\u00f3n del Mar Argentino, de innovaci\u00f3n tecnol\u00f3gica para los sectores productivos vinculados al mar y de divulgaci\u00f3n &hellip; <\/p>\n<p class=\"link-more\"><a href=\"https:\/\/www.ecocentropampazul.com.ar\/pampaazul\/inicio\/que-es-pampa-azul\/\" class=\"more-link\">Continue reading<span class=\"screen-reader-text\"> &#8220;\u00bfQu\u00e9 es Pampa Azul?&#8221;<\/span><\/a><\/p>\n","protected":false},"author":1,"featured_media":0,"parent":5,"menu_order":0,"comment_status":"closed","ping_status":"closed","template":"","meta":{"footnotes":""},"class_list":["post-7","page","type-page","status-publish","hentry"],"_links":{"self":[{"href":"https:\/\/www.ecocentropampazul.com.ar\/pampaazul\/wp-json\/wp\/v2\/pages\/7","targetHints":{"allow":["GET"]}}],"collection":[{"href":"https:\/\/www.ecocentropampazul.com.ar\/pampaazul\/wp-json\/wp\/v2\/pages"}],"about":[{"href":"https:\/\/www.ecocentropampazul.com.ar\/pampaazul\/wp-json\/wp\/v2\/types\/page"}],"author":[{"embeddable":true,"href":"https:\/\/www.ecocentropampazul.com.ar\/pampaazul\/wp-json\/wp\/v2\/users\/1"}],"replies":[{"embeddable":true,"href":"https:\/\/www.ecocentropampazul.com.ar\/pampaazul\/wp-json\/wp\/v2\/comments?post=7"}],"version-history":[{"count":13,"href":"https:\/\/www.ecocentropampazul.com.ar\/pampaazul\/wp-json\/wp\/v2\/pages\/7\/revisions"}],"predecessor-version":[{"id":228,"href":"https:\/\/www.ecocentropampazul.com.ar\/pampaazul\/wp-json\/wp\/v2\/pages\/7\/revisions\/228"}],"up":[{"embeddable":true,"href":"https:\/\/www.ecocentropampazul.com.ar\/pampaazul\/wp-json\/wp\/v2\/pages\/5"}],"wp:attachment":[{"href":"https:\/\/www.ecocentropampazul.com.ar\/pampaazul\/wp-json\/wp\/v2\/media?parent=7"}],"curies":[{"name":"wp","href":"https:\/\/api.w.org\/{rel}","templated":true}]}}